{"id":3357,"date":"2024-03-18T15:38:53","date_gmt":"2024-03-18T15:38:53","guid":{"rendered":"https:\/\/cempre.org.co\/pacto-plasticos\/?page_id=3357"},"modified":"2024-03-26T18:31:19","modified_gmt":"2024-03-26T18:31:19","slug":"blog","status":"publish","type":"page","link":"https:\/\/cempre.org.co\/pacto-plasticos\/blog\/","title":{"rendered":"Blog"},"content":{"rendered":"\t\t<div data-elementor-type=\"wp-page\" data-elementor-id=\"3357\" class=\"elementor elementor-3357\">\n\t\t\t\t\t\t<section class=\"elementor-section elementor-top-section elementor-element elementor-element-d9f35a8 elementor-section-boxed elementor-section-height-default elementor-section-height-default\" data-id=\"d9f35a8\" data-element_type=\"section\" data-settings=\"{&quot;background_background&quot;:&quot;classic&quot;}\">\n\t\t\t\t\t\t<div class=\"elementor-container elementor-column-gap-default\">\n\t\t\t\t\t<div class=\"elementor-column elementor-col-100 elementor-top-column elementor-element elementor-element-a981e67\" data-id=\"a981e67\" data-element_type=\"column\">\n\t\t\t<div class=\"elementor-widget-wrap elementor-element-populated\">\n\t\t\t\t\t\t<div class=\"elementor-element elementor-element-181ca15 elementor-widget elementor-widget-spacer\" data-id=\"181ca15\" data-element_type=\"widget\" data-widget_type=\"spacer.default\">\n\t\t\t\t<div class=\"elementor-widget-container\">\n\t\t\t<style>\/*! elementor - v3.19.0 - 17-01-2024 *\/\n.elementor-column .elementor-spacer-inner{height:var(--spacer-size)}.e-con{--container-widget-width:100%}.e-con-inner>.elementor-widget-spacer,.e-con>.elementor-widget-spacer{width:var(--container-widget-width,var(--spacer-size));--align-self:var(--container-widget-align-self,initial);--flex-shrink:0}.e-con-inner>.elementor-widget-spacer>.elementor-widget-container,.e-con>.elementor-widget-spacer>.elementor-widget-container{height:100%;width:100%}.e-con-inner>.elementor-widget-spacer>.elementor-widget-container>.elementor-spacer,.e-con>.elementor-widget-spacer>.elementor-widget-container>.elementor-spacer{height:100%}.e-con-inner>.elementor-widget-spacer>.elementor-widget-container>.elementor-spacer>.elementor-spacer-inner,.e-con>.elementor-widget-spacer>.elementor-widget-container>.elementor-spacer>.elementor-spacer-inner{height:var(--container-widget-height,var(--spacer-size))}.e-con-inner>.elementor-widget-spacer.elementor-widget-empty,.e-con>.elementor-widget-spacer.elementor-widget-empty{position:relative;min-height:22px;min-width:22px}.e-con-inner>.elementor-widget-spacer.elementor-widget-empty .elementor-widget-empty-icon,.e-con>.elementor-widget-spacer.elementor-widget-empty .elementor-widget-empty-icon{position:absolute;top:0;bottom:0;left:0;right:0;margin:auto;padding:0;width:22px;height:22px}<\/style>\t\t<div class=\"elementor-spacer\">\n\t\t\t<div class=\"elementor-spacer-inner\"><\/div>\n\t\t<\/div>\n\t\t\t\t<\/div>\n\t\t\t\t<\/div>\n\t\t\t\t<div class=\"elementor-element elementor-element-09c2570 elementor-widget__width-initial elementor-widget elementor-widget-heading\" data-id=\"09c2570\" data-element_type=\"widget\" data-widget_type=\"heading.default\">\n\t\t\t\t<div class=\"elementor-widget-container\">\n\t\t\t<style>\/*! elementor - v3.19.0 - 17-01-2024 *\/\n.elementor-heading-title{padding:0;margin:0;line-height:1}.elementor-widget-heading .elementor-heading-title[class*=elementor-size-]>a{color:inherit;font-size:inherit;line-height:inherit}.elementor-widget-heading .elementor-heading-title.elementor-size-small{font-size:15px}.elementor-widget-heading .elementor-heading-title.elementor-size-medium{font-size:19px}.elementor-widget-heading .elementor-heading-title.elementor-size-large{font-size:29px}.elementor-widget-heading .elementor-heading-title.elementor-size-xl{font-size:39px}.elementor-widget-heading .elementor-heading-title.elementor-size-xxl{font-size:59px}<\/style><h1 class=\"elementor-heading-title elementor-size-default\">BLOG<\/h1>\t\t<\/div>\n\t\t\t\t<\/div>\n\t\t\t\t<div class=\"elementor-element elementor-element-d77c262 elementor-widget elementor-widget-spacer\" data-id=\"d77c262\" data-element_type=\"widget\" data-widget_type=\"spacer.default\">\n\t\t\t\t<div class=\"elementor-widget-container\">\n\t\t\t\t\t<div class=\"elementor-spacer\">\n\t\t\t<div class=\"elementor-spacer-inner\"><\/div>\n\t\t<\/div>\n\t\t\t\t<\/div>\n\t\t\t\t<\/div>\n\t\t\t\t\t<\/div>\n\t\t<\/div>\n\t\t\t\t\t<\/div>\n\t\t<\/section>\n\t\t\t\t<section class=\"elementor-section elementor-top-section elementor-element elementor-element-6ffcb12 elementor-section-boxed elementor-section-height-default elementor-section-height-default\" data-id=\"6ffcb12\" data-element_type=\"section\">\n\t\t\t\t\t\t<div class=\"elementor-container elementor-column-gap-default\">\n\t\t\t\t\t<div class=\"elementor-column elementor-col-100 elementor-top-column elementor-element elementor-element-450309e\" data-id=\"450309e\" data-element_type=\"column\">\n\t\t\t<div class=\"elementor-widget-wrap elementor-element-populated\">\n\t\t\t\t\t\t<div class=\"elementor-element elementor-element-0b88e79 elementor-widget elementor-widget-spacer\" data-id=\"0b88e79\" data-element_type=\"widget\" data-widget_type=\"spacer.default\">\n\t\t\t\t<div class=\"elementor-widget-container\">\n\t\t\t\t\t<div class=\"elementor-spacer\">\n\t\t\t<div class=\"elementor-spacer-inner\"><\/div>\n\t\t<\/div>\n\t\t\t\t<\/div>\n\t\t\t\t<\/div>\n\t\t\t\t<div class=\"elementor-element elementor-element-ee3a203 elementor-grid-3 elementor-grid-tablet-2 elementor-grid-mobile-1 elementor-posts--thumbnail-top elementor-card-shadow-yes elementor-posts__hover-gradient elementor-widget elementor-widget-posts\" data-id=\"ee3a203\" data-element_type=\"widget\" data-settings=\"{&quot;pagination_type&quot;:&quot;load_more_infinite_scroll&quot;,&quot;cards_columns&quot;:&quot;3&quot;,&quot;cards_columns_tablet&quot;:&quot;2&quot;,&quot;cards_columns_mobile&quot;:&quot;1&quot;,&quot;cards_row_gap&quot;:{&quot;unit&quot;:&quot;px&quot;,&quot;size&quot;:35,&quot;sizes&quot;:[]},&quot;cards_row_gap_tablet&quot;:{&quot;unit&quot;:&quot;px&quot;,&quot;size&quot;:&quot;&quot;,&quot;sizes&quot;:[]},&quot;cards_row_gap_mobile&quot;:{&quot;unit&quot;:&quot;px&quot;,&quot;size&quot;:&quot;&quot;,&quot;sizes&quot;:[]},&quot;load_more_spinner&quot;:{&quot;value&quot;:&quot;fas fa-spinner&quot;,&quot;library&quot;:&quot;fa-solid&quot;}}\" data-widget_type=\"posts.cards\">\n\t\t\t\t<div class=\"elementor-widget-container\">\n\t\t\t<link rel=\"stylesheet\" href=\"https:\/\/cempre.org.co\/pacto-plasticos\/wp-content\/plugins\/elementor-pro\/assets\/css\/widget-posts.min.css\">\t\t<div class=\"elementor-posts-container elementor-posts elementor-posts--skin-cards elementor-grid\">\n\t\t\t\t<article class=\"elementor-post elementor-grid-item post-3728 post type-post status-publish format-standard has-post-thumbnail hentry category-noticias category-pacto-por-los-plasticos tag-cempre tag-economia-circular tag-pacto-por-los-plasticos\">\n\t\t\t<div class=\"elementor-post__card\">\n\t\t\t\t<a class=\"elementor-post__thumbnail__link\" href=\"https:\/\/cempre.org.co\/pacto-plasticos\/pacto-por-los-plasticos-traza-el-camino-hacia-la-economia-circular-de-plasticos-en-colombia-para-el-2030\/\" ><div class=\"elementor-post__thumbnail\"><img fetchpriority=\"high\" decoding=\"async\" width=\"300\" height=\"169\" src=\"https:\/\/cempre.org.co\/pacto-plasticos\/wp-content\/uploads\/sites\/7\/2024\/10\/Recicladores-de-oficio-gestionando-material-plastico-300x169.png\" class=\"attachment-medium size-medium wp-image-3729\" alt=\"\" srcset=\"https:\/\/cempre.org.co\/pacto-plasticos\/wp-content\/uploads\/sites\/7\/2024\/10\/Recicladores-de-oficio-gestionando-material-plastico-300x169.png 300w, https:\/\/cempre.org.co\/pacto-plasticos\/wp-content\/uploads\/sites\/7\/2024\/10\/Recicladores-de-oficio-gestionando-material-plastico-1024x576.png 1024w, https:\/\/cempre.org.co\/pacto-plasticos\/wp-content\/uploads\/sites\/7\/2024\/10\/Recicladores-de-oficio-gestionando-material-plastico-768x432.png 768w, https:\/\/cempre.org.co\/pacto-plasticos\/wp-content\/uploads\/sites\/7\/2024\/10\/Recicladores-de-oficio-gestionando-material-plastico-1536x864.png 1536w, https:\/\/cempre.org.co\/pacto-plasticos\/wp-content\/uploads\/sites\/7\/2024\/10\/Recicladores-de-oficio-gestionando-material-plastico.png 1920w\" sizes=\"(max-width: 300px) 100vw, 300px\" \/><\/div><\/a>\n\t\t\t\t<div class=\"elementor-post__badge\">Noticias<\/div>\n\t\t\t\t<div class=\"elementor-post__text\">\n\t\t\t\t<h3 class=\"elementor-post__title\">\n\t\t\t<a href=\"https:\/\/cempre.org.co\/pacto-plasticos\/pacto-por-los-plasticos-traza-el-camino-hacia-la-economia-circular-de-plasticos-en-colombia-para-el-2030\/\" >\n\t\t\t\tPacto por los Pl\u00e1sticos traza el camino hacia la econom\u00eda circular de pl\u00e1sticos en Colombia para el 2030\t\t\t<\/a>\n\t\t<\/h3>\n\t\t\t\t<div class=\"elementor-post__excerpt\">\n\t\t\t<p>Bogot\u00e1, 2 de julio de 2024. (@CEMPRE_COLOMBIA). En un paso importante hacia la circularidad de los pl\u00e1sticos en Colombia, Cempre (Compromiso Empresarial para el Reciclaje) present\u00f3 la Hoja de Ruta<\/p>\n\t\t<\/div>\n\t\t\n\t\t<a class=\"elementor-post__read-more\" href=\"https:\/\/cempre.org.co\/pacto-plasticos\/pacto-por-los-plasticos-traza-el-camino-hacia-la-economia-circular-de-plasticos-en-colombia-para-el-2030\/\" >\n\t\t\tLeer m\u00e1s \u00bb\t\t<\/a>\n\n\t\t\t\t<\/div>\n\t\t\t\t<div class=\"elementor-post__meta-data\">\n\t\t\t\t\t<span class=\"elementor-post-date\">\n\t\t\t2 de julio de 2024\t\t<\/span>\n\t\t\t\t<span class=\"elementor-post-avatar\">\n\t\t\tNo hay comentarios\t\t<\/span>\n\t\t\t\t<\/div>\n\t\t\t\t\t<\/div>\n\t\t<\/article>\n\t\t\t\t<article class=\"elementor-post elementor-grid-item post-3360 post type-post status-publish format-standard has-post-thumbnail hentry category-noticias category-pacto-por-los-plasticos category-tratado-global-plasticos tag-cempre tag-economia-circular tag-pacto-por-los-plasticos tag-tratado-global-de-plasticos\">\n\t\t\t<div class=\"elementor-post__card\">\n\t\t\t\t<a class=\"elementor-post__thumbnail__link\" href=\"https:\/\/cempre.org.co\/pacto-plasticos\/la-red-global-de-pactos-por-los-plasticos-unifica-esfuerzos-contra-la-contaminacion-plastica\/\" ><div class=\"elementor-post__thumbnail\"><img decoding=\"async\" width=\"300\" height=\"180\" src=\"https:\/\/cempre.org.co\/pacto-plasticos\/wp-content\/uploads\/sites\/7\/2024\/03\/Post-Pactos-Linkedin-1-300x180.jpg\" class=\"attachment-medium size-medium wp-image-3382\" alt=\"\" srcset=\"https:\/\/cempre.org.co\/pacto-plasticos\/wp-content\/uploads\/sites\/7\/2024\/03\/Post-Pactos-Linkedin-1-300x180.jpg 300w, https:\/\/cempre.org.co\/pacto-plasticos\/wp-content\/uploads\/sites\/7\/2024\/03\/Post-Pactos-Linkedin-1-1024x614.jpg 1024w, https:\/\/cempre.org.co\/pacto-plasticos\/wp-content\/uploads\/sites\/7\/2024\/03\/Post-Pactos-Linkedin-1-768x461.jpg 768w, https:\/\/cempre.org.co\/pacto-plasticos\/wp-content\/uploads\/sites\/7\/2024\/03\/Post-Pactos-Linkedin-1-1536x922.jpg 1536w, https:\/\/cempre.org.co\/pacto-plasticos\/wp-content\/uploads\/sites\/7\/2024\/03\/Post-Pactos-Linkedin-1.jpg 1800w\" sizes=\"(max-width: 300px) 100vw, 300px\" \/><\/div><\/a>\n\t\t\t\t<div class=\"elementor-post__badge\">Noticias<\/div>\n\t\t\t\t<div class=\"elementor-post__text\">\n\t\t\t\t<h3 class=\"elementor-post__title\">\n\t\t\t<a href=\"https:\/\/cempre.org.co\/pacto-plasticos\/la-red-global-de-pactos-por-los-plasticos-unifica-esfuerzos-contra-la-contaminacion-plastica\/\" >\n\t\t\t\tLa red global de pactos por los pl\u00e1sticos unifica esfuerzos contra la contaminaci\u00f3n pl\u00e1stica\u00a0\t\t\t<\/a>\n\t\t<\/h3>\n\t\t\t\t<div class=\"elementor-post__excerpt\">\n\t\t\t<p>Bogot\u00e1, Colombia, 20 de febrero de 2024 (@CEMPRE_COLOMBIA) \u2013 La gesti\u00f3n inadecuada de los pl\u00e1sticos ha ocasionado problemas recurrentes en los ecosistemas a nivel mundial, provocando as\u00ed el aumento de<\/p>\n\t\t<\/div>\n\t\t\n\t\t<a class=\"elementor-post__read-more\" href=\"https:\/\/cempre.org.co\/pacto-plasticos\/la-red-global-de-pactos-por-los-plasticos-unifica-esfuerzos-contra-la-contaminacion-plastica\/\" >\n\t\t\tLeer m\u00e1s \u00bb\t\t<\/a>\n\n\t\t\t\t<\/div>\n\t\t\t\t<div class=\"elementor-post__meta-data\">\n\t\t\t\t\t<span class=\"elementor-post-date\">\n\t\t\t20 de febrero de 2024\t\t<\/span>\n\t\t\t\t<span class=\"elementor-post-avatar\">\n\t\t\tNo hay comentarios\t\t<\/span>\n\t\t\t\t<\/div>\n\t\t\t\t\t<\/div>\n\t\t<\/article>\n\t\t\t\t<article class=\"elementor-post elementor-grid-item post-3383 post type-post status-publish format-standard has-post-thumbnail hentry category-noticias category-tratado-global-plasticos tag-cempre tag-economia-circular tag-pacto-por-los-plasticos\">\n\t\t\t<div class=\"elementor-post__card\">\n\t\t\t\t<a class=\"elementor-post__thumbnail__link\" href=\"https:\/\/cempre.org.co\/pacto-plasticos\/pacto-por-los-plasticos-el-modelo-global-que-esta-acelerando-la-economia-circular-del-plastico-en-el-mundo\/\" ><div class=\"elementor-post__thumbnail\"><img decoding=\"async\" width=\"300\" height=\"199\" src=\"https:\/\/cempre.org.co\/pacto-plasticos\/wp-content\/uploads\/sites\/7\/2024\/03\/Plastico-web-300x199.jpg\" class=\"attachment-medium size-medium wp-image-3384\" alt=\"\" srcset=\"https:\/\/cempre.org.co\/pacto-plasticos\/wp-content\/uploads\/sites\/7\/2024\/03\/Plastico-web-300x199.jpg 300w, https:\/\/cempre.org.co\/pacto-plasticos\/wp-content\/uploads\/sites\/7\/2024\/03\/Plastico-web.jpg 540w\" sizes=\"(max-width: 300px) 100vw, 300px\" \/><\/div><\/a>\n\t\t\t\t<div class=\"elementor-post__badge\">Noticias<\/div>\n\t\t\t\t<div class=\"elementor-post__text\">\n\t\t\t\t<h3 class=\"elementor-post__title\">\n\t\t\t<a href=\"https:\/\/cempre.org.co\/pacto-plasticos\/pacto-por-los-plasticos-el-modelo-global-que-esta-acelerando-la-economia-circular-del-plastico-en-el-mundo\/\" >\n\t\t\t\tPacto por los pl\u00e1sticos: el modelo global que est\u00e1 acelerando la econom\u00eda circular del pl\u00e1stico en el mundo\t\t\t<\/a>\n\t\t<\/h3>\n\t\t\t\t<div class=\"elementor-post__excerpt\">\n\t\t\t<p>Bogot\u00e1, 04 septiembre de 2023. (@CEMPRE_COLOMBIA). El Pacto por los Pl\u00e1sticos Colombia sigue avanzando en su prop\u00f3sito de acelerar la circularidad de los pl\u00e1sticos, desde diferentes enfoques. Hoy ya son<\/p>\n\t\t<\/div>\n\t\t\n\t\t<a class=\"elementor-post__read-more\" href=\"https:\/\/cempre.org.co\/pacto-plasticos\/pacto-por-los-plasticos-el-modelo-global-que-esta-acelerando-la-economia-circular-del-plastico-en-el-mundo\/\" >\n\t\t\tLeer m\u00e1s \u00bb\t\t<\/a>\n\n\t\t\t\t<\/div>\n\t\t\t\t<div class=\"elementor-post__meta-data\">\n\t\t\t\t\t<span class=\"elementor-post-date\">\n\t\t\t4 de septiembre de 2023\t\t<\/span>\n\t\t\t\t<span class=\"elementor-post-avatar\">\n\t\t\tNo hay comentarios\t\t<\/span>\n\t\t\t\t<\/div>\n\t\t\t\t\t<\/div>\n\t\t<\/article>\n\t\t\t\t<article class=\"elementor-post elementor-grid-item post-3365 post type-post status-publish format-standard has-post-thumbnail hentry category-articulos category-pacto-por-los-plasticos tag-cempre tag-economia-circular tag-pacto-por-los-plasticos\">\n\t\t\t<div class=\"elementor-post__card\">\n\t\t\t\t<a class=\"elementor-post__thumbnail__link\" href=\"https:\/\/cempre.org.co\/pacto-plasticos\/pacto-por-los-plasticos-colombia-como-empezo-y-en-que-va\/\" ><div class=\"elementor-post__thumbnail\"><img loading=\"lazy\" decoding=\"async\" width=\"300\" height=\"183\" src=\"https:\/\/cempre.org.co\/pacto-plasticos\/wp-content\/uploads\/sites\/7\/2024\/03\/WhatsApp-Image-2023-07-19-at-9.29.59-AM-300x183.jpeg\" class=\"attachment-medium size-medium wp-image-3366\" alt=\"\" srcset=\"https:\/\/cempre.org.co\/pacto-plasticos\/wp-content\/uploads\/sites\/7\/2024\/03\/WhatsApp-Image-2023-07-19-at-9.29.59-AM-300x183.jpeg 300w, https:\/\/cempre.org.co\/pacto-plasticos\/wp-content\/uploads\/sites\/7\/2024\/03\/WhatsApp-Image-2023-07-19-at-9.29.59-AM-1024x626.jpeg 1024w, https:\/\/cempre.org.co\/pacto-plasticos\/wp-content\/uploads\/sites\/7\/2024\/03\/WhatsApp-Image-2023-07-19-at-9.29.59-AM-768x469.jpeg 768w, https:\/\/cempre.org.co\/pacto-plasticos\/wp-content\/uploads\/sites\/7\/2024\/03\/WhatsApp-Image-2023-07-19-at-9.29.59-AM.jpeg 1433w\" sizes=\"(max-width: 300px) 100vw, 300px\" \/><\/div><\/a>\n\t\t\t\t<div class=\"elementor-post__badge\">Art\u00edculos<\/div>\n\t\t\t\t<div class=\"elementor-post__text\">\n\t\t\t\t<h3 class=\"elementor-post__title\">\n\t\t\t<a href=\"https:\/\/cempre.org.co\/pacto-plasticos\/pacto-por-los-plasticos-colombia-como-empezo-y-en-que-va\/\" >\n\t\t\t\tPacto por los Pl\u00e1sticos Colombia: \u00bfc\u00f3mo empez\u00f3 y en qu\u00e9 va?\t\t\t<\/a>\n\t\t<\/h3>\n\t\t\t\t<div class=\"elementor-post__excerpt\">\n\t\t\t<p>Bogot\u00e1, 24 de julio de 2023. (@CEMPRE_COLOMBIA). Los esfuerzos de UK Research and Innovation (UKRI) por promover la investigaci\u00f3n y la innovaci\u00f3n; las acciones globales de Waste and Resources Action<\/p>\n\t\t<\/div>\n\t\t\n\t\t<a class=\"elementor-post__read-more\" href=\"https:\/\/cempre.org.co\/pacto-plasticos\/pacto-por-los-plasticos-colombia-como-empezo-y-en-que-va\/\" >\n\t\t\tLeer m\u00e1s \u00bb\t\t<\/a>\n\n\t\t\t\t<\/div>\n\t\t\t\t<div class=\"elementor-post__meta-data\">\n\t\t\t\t\t<span class=\"elementor-post-date\">\n\t\t\t24 de julio de 2023\t\t<\/span>\n\t\t\t\t<span class=\"elementor-post-avatar\">\n\t\t\tNo hay comentarios\t\t<\/span>\n\t\t\t\t<\/div>\n\t\t\t\t\t<\/div>\n\t\t<\/article>\n\t\t\t\t<article class=\"elementor-post elementor-grid-item post-3367 post type-post status-publish format-standard has-post-thumbnail hentry category-noticias category-pacto-por-los-plasticos tag-pacto-por-los-plasticos\">\n\t\t\t<div class=\"elementor-post__card\">\n\t\t\t\t<a class=\"elementor-post__thumbnail__link\" href=\"https:\/\/cempre.org.co\/pacto-plasticos\/destacadas-empresas-e-instituciones-del-pais-se-han-sumado-al-pacto-por-los-plasticos-colombia\/\" ><div class=\"elementor-post__thumbnail\"><img loading=\"lazy\" decoding=\"async\" width=\"300\" height=\"200\" src=\"https:\/\/cempre.org.co\/pacto-plasticos\/wp-content\/uploads\/sites\/7\/2024\/03\/IMG_5182-scaled-1-300x200.jpg\" class=\"attachment-medium size-medium wp-image-3368\" alt=\"\" srcset=\"https:\/\/cempre.org.co\/pacto-plasticos\/wp-content\/uploads\/sites\/7\/2024\/03\/IMG_5182-scaled-1-300x200.jpg 300w, https:\/\/cempre.org.co\/pacto-plasticos\/wp-content\/uploads\/sites\/7\/2024\/03\/IMG_5182-scaled-1-1024x683.jpg 1024w, https:\/\/cempre.org.co\/pacto-plasticos\/wp-content\/uploads\/sites\/7\/2024\/03\/IMG_5182-scaled-1-768x512.jpg 768w, https:\/\/cempre.org.co\/pacto-plasticos\/wp-content\/uploads\/sites\/7\/2024\/03\/IMG_5182-scaled-1-1536x1024.jpg 1536w, https:\/\/cempre.org.co\/pacto-plasticos\/wp-content\/uploads\/sites\/7\/2024\/03\/IMG_5182-scaled-1-2048x1366.jpg 2048w\" sizes=\"(max-width: 300px) 100vw, 300px\" \/><\/div><\/a>\n\t\t\t\t<div class=\"elementor-post__badge\">Noticias<\/div>\n\t\t\t\t<div class=\"elementor-post__text\">\n\t\t\t\t<h3 class=\"elementor-post__title\">\n\t\t\t<a href=\"https:\/\/cempre.org.co\/pacto-plasticos\/destacadas-empresas-e-instituciones-del-pais-se-han-sumado-al-pacto-por-los-plasticos-colombia\/\" >\n\t\t\t\tDestacadas empresas e instituciones del pa\u00eds se han sumado al Pacto por los Pl\u00e1sticos Colombia\t\t\t<\/a>\n\t\t<\/h3>\n\t\t\t\t<div class=\"elementor-post__excerpt\">\n\t\t\t<p>Bogot\u00e1, 12 de abril de 2023. (@CEMPRE_COLOMBIA). Comenz\u00f3 la implementaci\u00f3n del Pacto por los Pl\u00e1sticos en Colombia, y, Cempre, junto con las organizaciones e instituciones del pa\u00eds que se han<\/p>\n\t\t<\/div>\n\t\t\n\t\t<a class=\"elementor-post__read-more\" href=\"https:\/\/cempre.org.co\/pacto-plasticos\/destacadas-empresas-e-instituciones-del-pais-se-han-sumado-al-pacto-por-los-plasticos-colombia\/\" >\n\t\t\tLeer m\u00e1s \u00bb\t\t<\/a>\n\n\t\t\t\t<\/div>\n\t\t\t\t<div class=\"elementor-post__meta-data\">\n\t\t\t\t\t<span class=\"elementor-post-date\">\n\t\t\t12 de abril de 2023\t\t<\/span>\n\t\t\t\t<span class=\"elementor-post-avatar\">\n\t\t\tNo hay comentarios\t\t<\/span>\n\t\t\t\t<\/div>\n\t\t\t\t\t<\/div>\n\t\t<\/article>\n\t\t\t\t<article class=\"elementor-post elementor-grid-item post-3369 post type-post status-publish format-standard has-post-thumbnail hentry category-noticias category-pacto-por-los-plasticos\">\n\t\t\t<div class=\"elementor-post__card\">\n\t\t\t\t<a class=\"elementor-post__thumbnail__link\" href=\"https:\/\/cempre.org.co\/pacto-plasticos\/cempre-y-wrap-lanzan-el-pacto-por-los-plasticos-en-colombia-para-acelerar-la-economia-circular-del-plastico\/\" ><div class=\"elementor-post__thumbnail\"><img loading=\"lazy\" decoding=\"async\" width=\"300\" height=\"138\" src=\"https:\/\/cempre.org.co\/pacto-plasticos\/wp-content\/uploads\/sites\/7\/2024\/03\/Plasticos1-scaled-1-300x138.jpg\" class=\"attachment-medium size-medium wp-image-3370\" alt=\"\" srcset=\"https:\/\/cempre.org.co\/pacto-plasticos\/wp-content\/uploads\/sites\/7\/2024\/03\/Plasticos1-scaled-1-300x138.jpg 300w, https:\/\/cempre.org.co\/pacto-plasticos\/wp-content\/uploads\/sites\/7\/2024\/03\/Plasticos1-scaled-1-1024x471.jpg 1024w, https:\/\/cempre.org.co\/pacto-plasticos\/wp-content\/uploads\/sites\/7\/2024\/03\/Plasticos1-scaled-1-768x353.jpg 768w, https:\/\/cempre.org.co\/pacto-plasticos\/wp-content\/uploads\/sites\/7\/2024\/03\/Plasticos1-scaled-1-1536x707.jpg 1536w, https:\/\/cempre.org.co\/pacto-plasticos\/wp-content\/uploads\/sites\/7\/2024\/03\/Plasticos1-scaled-1-2048x942.jpg 2048w\" sizes=\"(max-width: 300px) 100vw, 300px\" \/><\/div><\/a>\n\t\t\t\t<div class=\"elementor-post__badge\">Noticias<\/div>\n\t\t\t\t<div class=\"elementor-post__text\">\n\t\t\t\t<h3 class=\"elementor-post__title\">\n\t\t\t<a href=\"https:\/\/cempre.org.co\/pacto-plasticos\/cempre-y-wrap-lanzan-el-pacto-por-los-plasticos-en-colombia-para-acelerar-la-economia-circular-del-plastico\/\" >\n\t\t\t\tCempre y WRAP lanzan el Pacto por los Pl\u00e1sticos en Colombia para acelerar la econom\u00eda circular del pl\u00e1stico\t\t\t<\/a>\n\t\t<\/h3>\n\t\t\t\t<div class=\"elementor-post__excerpt\">\n\t\t\t<p>Bogot\u00e1, 23 de febrero de 2023. (@CEMPRE_COLOMBIA). La uni\u00f3n de grandes, medianas y peque\u00f1as empresas, entidades gubernamentales, agencias de cooperaci\u00f3n internacional, organizaciones de recicladores y gremios, entre otras instituciones, marc\u00f3<\/p>\n\t\t<\/div>\n\t\t\n\t\t<a class=\"elementor-post__read-more\" href=\"https:\/\/cempre.org.co\/pacto-plasticos\/cempre-y-wrap-lanzan-el-pacto-por-los-plasticos-en-colombia-para-acelerar-la-economia-circular-del-plastico\/\" >\n\t\t\tLeer m\u00e1s \u00bb\t\t<\/a>\n\n\t\t\t\t<\/div>\n\t\t\t\t<div class=\"elementor-post__meta-data\">\n\t\t\t\t\t<span class=\"elementor-post-date\">\n\t\t\t24 de febrero de 2023\t\t<\/span>\n\t\t\t\t<span class=\"elementor-post-avatar\">\n\t\t\tNo hay comentarios\t\t<\/span>\n\t\t\t\t<\/div>\n\t\t\t\t\t<\/div>\n\t\t<\/article>\n\t\t\t\t<\/div>\n\n\n\t\t\t\t\t<span class=\"e-load-more-spinner\">\n\t\t\t\t<i aria-hidden=\"true\" class=\"fas fa-spinner\"><\/i>\t\t\t<\/span>\n\t\t\n\t\t\t\t<div class=\"e-load-more-anchor\" data-page=\"1\" data-max-page=\"2\" data-next-page=\"https:\/\/cempre.org.co\/pacto-plasticos\/wp-json\/wp\/v2\/pages\/3357\/page\/2\/\"><\/div>\n\t\t\t\t<div class=\"e-load-more-message\"><\/div>\n\t\t\t\t<\/div>\n\t\t\t\t<\/div>\n\t\t\t\t\t<\/div>\n\t\t<\/div>\n\t\t\t\t\t<\/div>\n\t\t<\/section>\n\t\t\t\t<\/div>\n\t\t","protected":false},"excerpt":{"rendered":"<p>BLOG<\/p>\n","protected":false},"author":12,"featured_media":0,"parent":0,"menu_order":0,"comment_status":"closed","ping_status":"closed","template":"elementor_theme","meta":{"footnotes":""},"class_list":["post-3357","page","type-page","status-publish","hentry"],"_links":{"self":[{"href":"https:\/\/cempre.org.co\/pacto-plasticos\/wp-json\/wp\/v2\/pages\/3357","targetHints":{"allow":["GET"]}}],"collection":[{"href":"https:\/\/cempre.org.co\/pacto-plasticos\/wp-json\/wp\/v2\/pages"}],"about":[{"href":"https:\/\/cempre.org.co\/pacto-plasticos\/wp-json\/wp\/v2\/types\/page"}],"author":[{"embeddable":true,"href":"https:\/\/cempre.org.co\/pacto-plasticos\/wp-json\/wp\/v2\/users\/12"}],"replies":[{"embeddable":true,"href":"https:\/\/cempre.org.co\/pacto-plasticos\/wp-json\/wp\/v2\/comments?post=3357"}],"version-history":[{"count":30,"href":"https:\/\/cempre.org.co\/pacto-plasticos\/wp-json\/wp\/v2\/pages\/3357\/revisions"}],"predecessor-version":[{"id":3727,"href":"https:\/\/cempre.org.co\/pacto-plasticos\/wp-json\/wp\/v2\/pages\/3357\/revisions\/3727"}],"wp:attachment":[{"href":"https:\/\/cempre.org.co\/pacto-plasticos\/wp-json\/wp\/v2\/media?parent=3357"}],"curies":[{"name":"wp","href":"https:\/\/api.w.org\/{rel}","templated":true}]}}