{"id":33,"date":"2023-01-18T20:01:01","date_gmt":"2023-01-18T20:01:01","guid":{"rendered":"https:\/\/cempre.org.co\/pacto-plasticos\/?page_id=33"},"modified":"2023-10-27T16:54:41","modified_gmt":"2023-10-27T16:54:41","slug":"contacto","status":"publish","type":"page","link":"https:\/\/cempre.org.co\/pacto-plasticos\/contacto\/","title":{"rendered":"Contacto y preguntas frecuentes"},"content":{"rendered":"\t\t<div data-elementor-type=\"wp-page\" data-elementor-id=\"33\" class=\"elementor elementor-33\">\n\t\t\t\t\t\t<section class=\"elementor-section elementor-top-section elementor-element elementor-element-34f71123 elementor-section-boxed elementor-section-height-default elementor-section-height-default\" data-id=\"34f71123\" data-element_type=\"section\">\n\t\t\t\t\t\t\t<div class=\"elementor-background-overlay\"><\/div>\n\t\t\t\t\t\t\t<div class=\"elementor-container elementor-column-gap-default\">\n\t\t\t\t\t<div class=\"elementor-column elementor-col-100 elementor-top-column elementor-element elementor-element-7d503a3a\" data-id=\"7d503a3a\" data-element_type=\"column\">\n\t\t\t<div class=\"elementor-widget-wrap elementor-element-populated\">\n\t\t\t\t\t\t<div class=\"elementor-element elementor-element-57d24dbf elementor-widget elementor-widget-spacer\" data-id=\"57d24dbf\" data-element_type=\"widget\" data-widget_type=\"spacer.default\">\n\t\t\t\t<div class=\"elementor-widget-container\">\n\t\t\t<style>\/*! elementor - v3.19.0 - 17-01-2024 *\/\n.elementor-column .elementor-spacer-inner{height:var(--spacer-size)}.e-con{--container-widget-width:100%}.e-con-inner>.elementor-widget-spacer,.e-con>.elementor-widget-spacer{width:var(--container-widget-width,var(--spacer-size));--align-self:var(--container-widget-align-self,initial);--flex-shrink:0}.e-con-inner>.elementor-widget-spacer>.elementor-widget-container,.e-con>.elementor-widget-spacer>.elementor-widget-container{height:100%;width:100%}.e-con-inner>.elementor-widget-spacer>.elementor-widget-container>.elementor-spacer,.e-con>.elementor-widget-spacer>.elementor-widget-container>.elementor-spacer{height:100%}.e-con-inner>.elementor-widget-spacer>.elementor-widget-container>.elementor-spacer>.elementor-spacer-inner,.e-con>.elementor-widget-spacer>.elementor-widget-container>.elementor-spacer>.elementor-spacer-inner{height:var(--container-widget-height,var(--spacer-size))}.e-con-inner>.elementor-widget-spacer.elementor-widget-empty,.e-con>.elementor-widget-spacer.elementor-widget-empty{position:relative;min-height:22px;min-width:22px}.e-con-inner>.elementor-widget-spacer.elementor-widget-empty .elementor-widget-empty-icon,.e-con>.elementor-widget-spacer.elementor-widget-empty .elementor-widget-empty-icon{position:absolute;top:0;bottom:0;left:0;right:0;margin:auto;padding:0;width:22px;height:22px}<\/style>\t\t<div class=\"elementor-spacer\">\n\t\t\t<div class=\"elementor-spacer-inner\"><\/div>\n\t\t<\/div>\n\t\t\t\t<\/div>\n\t\t\t\t<\/div>\n\t\t\t\t<div class=\"elementor-element elementor-element-4f723037 elementor-widget elementor-widget-heading\" data-id=\"4f723037\" data-element_type=\"widget\" data-widget_type=\"heading.default\">\n\t\t\t\t<div class=\"elementor-widget-container\">\n\t\t\t<style>\/*! elementor - v3.19.0 - 17-01-2024 *\/\n.elementor-heading-title{padding:0;margin:0;line-height:1}.elementor-widget-heading .elementor-heading-title[class*=elementor-size-]>a{color:inherit;font-size:inherit;line-height:inherit}.elementor-widget-heading .elementor-heading-title.elementor-size-small{font-size:15px}.elementor-widget-heading .elementor-heading-title.elementor-size-medium{font-size:19px}.elementor-widget-heading .elementor-heading-title.elementor-size-large{font-size:29px}.elementor-widget-heading .elementor-heading-title.elementor-size-xl{font-size:39px}.elementor-widget-heading .elementor-heading-title.elementor-size-xxl{font-size:59px}<\/style><h1 class=\"elementor-heading-title elementor-size-default\">Contacto y preguntas frecuentes<\/h1>\t\t<\/div>\n\t\t\t\t<\/div>\n\t\t\t\t<div class=\"elementor-element elementor-element-a0246af elementor-widget elementor-widget-spacer\" data-id=\"a0246af\" data-element_type=\"widget\" data-widget_type=\"spacer.default\">\n\t\t\t\t<div class=\"elementor-widget-container\">\n\t\t\t\t\t<div class=\"elementor-spacer\">\n\t\t\t<div class=\"elementor-spacer-inner\"><\/div>\n\t\t<\/div>\n\t\t\t\t<\/div>\n\t\t\t\t<\/div>\n\t\t\t\t\t<\/div>\n\t\t<\/div>\n\t\t\t\t\t<\/div>\n\t\t<\/section>\n\t\t\t\t<section class=\"elementor-section elementor-top-section elementor-element elementor-element-6e99364d elementor-section-boxed elementor-section-height-default elementor-section-height-default\" data-id=\"6e99364d\" data-element_type=\"section\">\n\t\t\t\t\t\t<div class=\"elementor-container elementor-column-gap-default\">\n\t\t\t\t\t<div class=\"elementor-column elementor-col-100 elementor-top-column elementor-element elementor-element-3404850c\" data-id=\"3404850c\" data-element_type=\"column\">\n\t\t\t<div class=\"elementor-widget-wrap elementor-element-populated\">\n\t\t\t\t\t\t<div class=\"elementor-element elementor-element-50c3229 elementor-widget elementor-widget-heading\" data-id=\"50c3229\" data-element_type=\"widget\" data-widget_type=\"heading.default\">\n\t\t\t\t<div class=\"elementor-widget-container\">\n\t\t\t<h2 class=\"elementor-heading-title elementor-size-default\">Preguntas frecuentes<\/h2>\t\t<\/div>\n\t\t\t\t<\/div>\n\t\t\t\t<div class=\"elementor-element elementor-element-9de8d2d elementor-widget elementor-widget-eael-adv-accordion\" data-id=\"9de8d2d\" data-element_type=\"widget\" data-widget_type=\"eael-adv-accordion.default\">\n\t\t\t\t<div class=\"elementor-widget-container\">\n\t\t\t        <div class=\"eael-adv-accordion\" id=\"eael-adv-accordion-9de8d2d\" data-scroll-on-click=\"no\" data-scroll-speed=\"300\" data-accordion-id=\"9de8d2d\" data-accordion-type=\"toggle\" data-toogle-speed=\"300\">\n    <div class=\"eael-accordion-list\">\n                <div id=\"quines-pueden-ser-parte-del-pacto-por-las-plsticos-de-colombia\" class=\"elementor-tab-title eael-accordion-header\" tabindex=\"0\" data-tab=\"1\" aria-controls=\"elementor-tab-content-1651\"><span class=\"eael-advanced-accordion-icon-closed\"><i aria-hidden=\"true\" class=\"fa-accordion-icon fas fa-plus\"><\/i><\/span><span class=\"eael-advanced-accordion-icon-opened\"><i aria-hidden=\"true\" class=\"fa-accordion-icon fas fa-minus\"><\/i><\/span><span class=\"eael-accordion-tab-title\">\u00bfQui\u00e9nes pueden ser parte del Pacto por las Pl\u00e1sticos de Colombia?<\/span><i aria-hidden=\"true\" class=\"fa-toggle fas fa-angle-right\"><\/i><\/div><div id=\"elementor-tab-content-1651\" class=\"eael-accordion-content clearfix\" data-tab=\"1\" aria-labelledby=\"quines-pueden-ser-parte-del-pacto-por-las-plsticos-de-colombia\"><p>Las personas jur\u00eddicas, con representaci\u00f3n legal en Colombia, pueden adherirse al Pacto en calidad de miembros o aliados.<\/p><p>\u00a0<\/p><p>Los <strong>miembros<\/strong> que se pueden adherir al Pacto son empresas legalmente constituidas en Colombia, relacionadas con la econom\u00eda circular de los pl\u00e1sticos de envases y empaques, cuyos principios son mantener el valor de los productos, los materiales y los recursos durante el mayor tiempo posible en el mercado y reducir la generaci\u00f3n de residuos. Los miembros pueden ser sujetos de obligaciones en torno a la gesti\u00f3n de los pl\u00e1sticos, de conformidad con la normatividad colombiana. Todos los miembros contribuyen con el pago de una membres\u00eda para la coordinaci\u00f3n y gesti\u00f3n de la implementaci\u00f3n de la hoja de ruta del Pacto.<\/p><p>\u00a0<\/p><p>Los <strong>aliados<\/strong> que se pueden adherir al Pacto son actores promotores de la econom\u00eda circular de los materiales pl\u00e1sticos, incluidas las alternativas sostenibles, y\/o vinculados a la cadena de valor de los pl\u00e1sticos en Colombia, que no sean empresas manufactureras, de comercio y\/o servicios. Estos aliados pueden ser entidades estatales, organizaciones no gubernamentales, organizaciones de recicladores, academia, gremios u otros actores interesados en la econom\u00eda circular de los materiales pl\u00e1sticos de envases y empaques.<\/p><\/div>\n                <\/div><div class=\"eael-accordion-list\">\n                <div id=\"quines-hacen-parte-de-la-cadena-de-valor-de-los-materiales-plsticos-de-envases-y-empaques\" class=\"elementor-tab-title eael-accordion-header\" tabindex=\"0\" data-tab=\"2\" aria-controls=\"elementor-tab-content-1652\"><span class=\"eael-advanced-accordion-icon-closed\"><i aria-hidden=\"true\" class=\"fa-accordion-icon fas fa-plus\"><\/i><\/span><span class=\"eael-advanced-accordion-icon-opened\"><i aria-hidden=\"true\" class=\"fa-accordion-icon fas fa-minus\"><\/i><\/span><span class=\"eael-accordion-tab-title\">\u00bfQui\u00e9nes hacen parte de la cadena de valor de los materiales pl\u00e1sticos de envases y empaques?<\/span><i aria-hidden=\"true\" class=\"fa-toggle fas fa-angle-right\"><\/i><\/div><div id=\"elementor-tab-content-1652\" class=\"eael-accordion-content clearfix\" data-tab=\"2\" aria-labelledby=\"quines-hacen-parte-de-la-cadena-de-valor-de-los-materiales-plsticos-de-envases-y-empaques\"><p>Emprendimientos o empresas, a nivel nacional, vinculados a la cadena de producci\u00f3n\/sustituci\u00f3n, distribuci\u00f3n, comercializaci\u00f3n, uso, transformaci\u00f3n y gesti\u00f3n de los pl\u00e1sticos que dentro de sus estrategias corporativas contribuyan o puedan llegar a contribuir a lograr <a href=\"https:\/\/cempre.org.co\/pacto-plasticos\/que-es-el-pacto\/#3\">las cuatro (4) metas estipuladas por el Pacto<\/a>.<\/p><\/div>\n                <\/div><div class=\"eael-accordion-list\">\n                <div id=\"cul-es-el-valor-agregado-de-ser-un-miembro-del-pacto-por-los-plsticos\" class=\"elementor-tab-title eael-accordion-header\" tabindex=\"0\" data-tab=\"3\" aria-controls=\"elementor-tab-content-1653\"><span class=\"eael-advanced-accordion-icon-closed\"><i aria-hidden=\"true\" class=\"fa-accordion-icon fas fa-plus\"><\/i><\/span><span class=\"eael-advanced-accordion-icon-opened\"><i aria-hidden=\"true\" class=\"fa-accordion-icon fas fa-minus\"><\/i><\/span><span class=\"eael-accordion-tab-title\">\u00bfCu\u00e1l es el valor agregado de ser un miembro del Pacto por los Pl\u00e1sticos?<\/span><i aria-hidden=\"true\" class=\"fa-toggle fas fa-angle-right\"><\/i><\/div><div id=\"elementor-tab-content-1653\" class=\"eael-accordion-content clearfix\" data-tab=\"3\" aria-labelledby=\"cul-es-el-valor-agregado-de-ser-un-miembro-del-pacto-por-los-plsticos\"><p>Tanto desde el \u00e1mbito nacional como internacional, un miembro del Pacto puede beneficiarse, a trav\u00e9s de:<\/p><p>\u00a0<\/p><ul><li>Acceso a informaci\u00f3n colectiva y compartida que permita el an\u00e1lisis basado en evidencia, para el desarrollo de estudios t\u00e9cnicos sobre la cadena de valor de los pl\u00e1sticos.<\/li><li>Generaci\u00f3n de conocimiento compartido, a trav\u00e9s de investigaciones y publicaciones colectivas.<\/li><li>Asesor\u00eda y acompa\u00f1amiento t\u00e9cnico para el desarrollo de iniciativas de transformaci\u00f3n de la econom\u00eda circular de los materiales pl\u00e1sticos de envases y empaques.<\/li><li>Servicios de relacionamiento y representaci\u00f3n del Pacto en instancias de incidencia p\u00fablica.<\/li><\/ul><p>\u00a0<\/p><p>Los miembros pueden liderar al menos un proyecto de acci\u00f3n colectiva y de generaci\u00f3n de valor compartido de la cadena de valor de los pl\u00e1sticos de envases y empaques, que requiera cofinanciaci\u00f3n de otras empresas y\/o partes interesadas. Tambi\u00e9n, pueden presentar proyectos para contribuir al cumplimiento de una o varias metas del Pacto por los Pl\u00e1sticos.<\/p><\/div>\n                <\/div><div class=\"eael-accordion-list\">\n                <div id=\"a-qu-se-debera-comprometer-mi-organizacin-al-participar-en-el-pacto\" class=\"elementor-tab-title eael-accordion-header\" tabindex=\"0\" data-tab=\"4\" aria-controls=\"elementor-tab-content-1654\"><span class=\"eael-advanced-accordion-icon-closed\"><i aria-hidden=\"true\" class=\"fa-accordion-icon fas fa-plus\"><\/i><\/span><span class=\"eael-advanced-accordion-icon-opened\"><i aria-hidden=\"true\" class=\"fa-accordion-icon fas fa-minus\"><\/i><\/span><span class=\"eael-accordion-tab-title\">\u00bfA qu\u00e9 se deber\u00eda comprometer mi organizaci\u00f3n al participar en el Pacto?<\/span><i aria-hidden=\"true\" class=\"fa-toggle fas fa-angle-right\"><\/i><\/div><div id=\"elementor-tab-content-1654\" class=\"eael-accordion-content clearfix\" data-tab=\"4\" aria-labelledby=\"a-qu-se-debera-comprometer-mi-organizacin-al-participar-en-el-pacto\"><p>La organizaci\u00f3n debe tener la voluntad para realizar alianzas y asignar recursos para implementar acciones colectivas que generen valor compartido en el desarrollo de la econom\u00eda circular de los materiales pl\u00e1sticos en envases y empaques; con el fin de buscar soluciones a las actuales problem\u00e1ticas ambientales derivadas de la generaci\u00f3n de residuos pl\u00e1sticos.<\/p><p>\u00a0<\/p><p>En ese sentido, en t\u00e9rminos espec\u00edficos, la organizaci\u00f3n se compromete a unir esfuerzos y disponer recursos para:<\/p><p>\u00a0<\/p><ul><li>Meta 1: eliminar los pl\u00e1sticos de envases y empaques de dif\u00edcil aprovechamiento e innecesarios.<\/li><li>Meta 2: realizar acciones para que los envases y empaques pl\u00e1sticos puestos en el mercado sean reutilizados, reciclables o compostables.<\/li><li>Meta 3: aumentar las tasas de aprovechamiento de pl\u00e1stico de envases y empaques en el pa\u00eds, y\/o<\/li><li>Meta 4: aumentar la reincorporaci\u00f3n de pl\u00e1sticos aprovechados en la elaboraci\u00f3n de nuevos envases y empaques.<\/li><\/ul><\/div>\n                <\/div><div class=\"eael-accordion-list\">\n                <div id=\"qu-relacin-existe-entre-el-cumplimiento-de-la-responsabilidad-extendida-del-productor-rep-de-las-resoluciones-1407-de-2018-y-1342-de-2020-de-minambiente-la-reglamentacin-de-la-ley-2232-de-2022-sobre-la-reduccin-gradual-de-la-produccin-y-consumo-de-ciertos-plsticos-de-un-solo-uso-pusu-y-el-desarrollo-del-pacto\" class=\"elementor-tab-title eael-accordion-header\" tabindex=\"0\" data-tab=\"5\" aria-controls=\"elementor-tab-content-1655\"><span class=\"eael-advanced-accordion-icon-closed\"><i aria-hidden=\"true\" class=\"fa-accordion-icon fas fa-plus\"><\/i><\/span><span class=\"eael-advanced-accordion-icon-opened\"><i aria-hidden=\"true\" class=\"fa-accordion-icon fas fa-minus\"><\/i><\/span><span class=\"eael-accordion-tab-title\">\u00bfQu\u00e9 relaci\u00f3n existe entre el cumplimiento de la Responsabilidad Extendida del Productor (REP) de las Resoluciones 1407 de 2018 y 1342 de 2020 de MinAmbiente, la reglamentaci\u00f3n de la Ley 2232 de 2022 sobre la reducci\u00f3n gradual de la producci\u00f3n y consumo de ciertos pl\u00e1sticos de un solo uso (PUSU) y el desarrollo del Pacto?<\/span><i aria-hidden=\"true\" class=\"fa-toggle fas fa-angle-right\"><\/i><\/div><div id=\"elementor-tab-content-1655\" class=\"eael-accordion-content clearfix\" data-tab=\"5\" aria-labelledby=\"qu-relacin-existe-entre-el-cumplimiento-de-la-responsabilidad-extendida-del-productor-rep-de-las-resoluciones-1407-de-2018-y-1342-de-2020-de-minambiente-la-reglamentacin-de-la-ley-2232-de-2022-sobre-la-reduccin-gradual-de-la-produccin-y-consumo-de-ciertos-plsticos-de-un-solo-uso-pusu-y-el-desarrollo-del-pacto\"><p>Todas las iniciativas o proyectos que se est\u00e9n ejecutando dentro de los planes individuales o colectivos del cumplimiento legal de REP y PUSU, administrados por Cempre, podr\u00edan ser inscritos al Pacto para aportar al cumplimiento de metas de este. Es importante recordar que la responsabilidad extendida del productor (REP) es una exigencia regulatoria que todos los productores que ponen en el mercado productos empacados deben cumplir y que fija unas metas de recolecci\u00f3n y certificaci\u00f3n del aprovechamiento de los residuos de sus envases y empaques con base en la cantidad puesta en el mercado. Por otro lado, en la reglamentaci\u00f3n de la <a href=\"https:\/\/www.cancilleria.gov.co\/sites\/default\/files\/Normograma\/docs\/ley_2232_2022.htm#:~:text=Por%20la%20cual%20se%20establecen,y%20se%20dictan%20otras%20disposiciones.&amp;text=DECRETA%3A,DISPOSICIONES%20GENERALES.\">Ley 2232 de 2022<\/a> sobre PUSU se plantean unas metas graduales (2024-2040) de recolecci\u00f3n, aprovechamiento y reincorporaci\u00f3n de materia prima reciclada posconsumo de botellas, envases y recipientes pl\u00e1sticos para contener l\u00edquidos.<\/p><\/div>\n                <\/div><div class=\"eael-accordion-list\">\n                <div id=\"cmo-se-relaciona-la-mesa-nacional-de-gestin-sostenible-de-plstico-y-el-pacto-por-los-plsticos\" class=\"elementor-tab-title eael-accordion-header\" tabindex=\"0\" data-tab=\"6\" aria-controls=\"elementor-tab-content-1656\"><span class=\"eael-advanced-accordion-icon-closed\"><i aria-hidden=\"true\" class=\"fa-accordion-icon fas fa-plus\"><\/i><\/span><span class=\"eael-advanced-accordion-icon-opened\"><i aria-hidden=\"true\" class=\"fa-accordion-icon fas fa-minus\"><\/i><\/span><span class=\"eael-accordion-tab-title\">\u00bfC\u00f3mo se relaciona la Mesa Nacional de Gesti\u00f3n Sostenible de Pl\u00e1stico y el Pacto por los Pl\u00e1sticos?<\/span><i aria-hidden=\"true\" class=\"fa-toggle fas fa-angle-right\"><\/i><\/div><div id=\"elementor-tab-content-1656\" class=\"eael-accordion-content clearfix\" data-tab=\"6\" aria-labelledby=\"cmo-se-relaciona-la-mesa-nacional-de-gestin-sostenible-de-plstico-y-el-pacto-por-los-plsticos\"><p>La Mesa Nacional de Gesti\u00f3n Sostenible de Pl\u00e1stico es una instancia de di\u00e1logo p\u00fablico-privado liderada por la Direcci\u00f3n de Asuntos Ambientales, Sectorial y Urbana del Ministerio de Ambiente y Desarrollo Sostenible de Colombia para desarrollar la producci\u00f3n y el consumo responsable de materiales pl\u00e1sticos en el pa\u00eds. Esta tiene como objetivo promover la articulaci\u00f3n y coordinaci\u00f3n multiactor para la gesti\u00f3n sostenible del pl\u00e1stico, a partir de instrumentos y acciones en prevenci\u00f3n, reducci\u00f3n, reutilizaci\u00f3n, aprovechamiento, consumo responsable, generaci\u00f3n de nuevas oportunidades de negocio, desarrollo de encadenamientos productivos, generaci\u00f3n de empleos y desarrollo tecnol\u00f3gico, con el fin de proteger los recursos naturales y fomentar la competitividad.<\/p><p>\u00a0<\/p><p>El Pacto por los Pl\u00e1sticos es una iniciativa de inversi\u00f3n conjunta y trabajo colaborativo del sector privado que busca aportar informaci\u00f3n, herramientas e implementar programas y proyectos empresariales que contribuyan al desarrollo de la producci\u00f3n y el consumo responsable de materiales pl\u00e1sticos para envases y empaques en el pa\u00eds. El Pacto tiene como objetivo principal acelerar la econom\u00eda circular de los materiales pl\u00e1sticos en envases y empaques, coordinando y articulando la inversi\u00f3n privada, en acciones concretas estrat\u00e9gicas para el cumplimiento de metas nacionales y globales.<\/p><\/div>\n                <\/div><div class=\"eael-accordion-list\">\n                <div id=\"qu-impacto-han-tenido-los-pactos-por-los-plsticos-a-nivel-internacional\" class=\"elementor-tab-title eael-accordion-header\" tabindex=\"0\" data-tab=\"7\" aria-controls=\"elementor-tab-content-1657\"><span class=\"eael-advanced-accordion-icon-closed\"><i aria-hidden=\"true\" class=\"fa-accordion-icon fas fa-plus\"><\/i><\/span><span class=\"eael-advanced-accordion-icon-opened\"><i aria-hidden=\"true\" class=\"fa-accordion-icon fas fa-minus\"><\/i><\/span><span class=\"eael-accordion-tab-title\">\u00bfQu\u00e9 impacto han tenido los pactos por los pl\u00e1sticos a nivel internacional?<\/span><i aria-hidden=\"true\" class=\"fa-toggle fas fa-angle-right\"><\/i><\/div><div id=\"elementor-tab-content-1657\" class=\"eael-accordion-content clearfix\" data-tab=\"7\" aria-labelledby=\"qu-impacto-han-tenido-los-pactos-por-los-plsticos-a-nivel-internacional\"><p>El modelo del pacto por los pl\u00e1sticos nacional tiene un ejercicio anual de reporte de avances fundamental para compartir los casos de \u00e9xito de sus miembros y el cumplimiento de metas de sus ejes estrat\u00e9gicos. Es un documento clave para comunicar a todos los actores de la cadena de valor las iniciativas y resultados. Los reportes de avance anuales son documentos valiosos de divulgaci\u00f3n de conocimiento para la sociedad.<\/p><p>\u00a0<\/p><p>En el mapa dispuesto en la p\u00e1gina <a href=\"https:\/\/cempre.org.co\/pacto-plasticos\">Pacto por los pl\u00e1sticos \u2013 Econom\u00eda circular del pl\u00e1stico (cempre.org.co)<\/a>\u00a0se puede acceder a los v\u00ednculos los diferentes Pactos existentes en el mundo y sus reportes anuales de avance. Tambi\u00e9n se puede visualizar a trav\u00e9s de la Red Pactos por los Pl\u00e1sticos de la Fundaci\u00f3n Ellen McArthur <a href=\"https:\/\/ellenmacarthurfoundation.org\/the-plastics-pact-network\">The Plastics Pact Network | Ellen MacArthur Foundation<\/a><\/p><\/div>\n                <\/div><div class=\"eael-accordion-list\">\n                <div id=\"el-pacto-por-los-plsticos-de-colombia-est-vinculado-a-la-fundacin-ellen-macarthur\" class=\"elementor-tab-title eael-accordion-header\" tabindex=\"0\" data-tab=\"8\" aria-controls=\"elementor-tab-content-1658\"><span class=\"eael-advanced-accordion-icon-closed\"><i aria-hidden=\"true\" class=\"fa-accordion-icon fas fa-plus\"><\/i><\/span><span class=\"eael-advanced-accordion-icon-opened\"><i aria-hidden=\"true\" class=\"fa-accordion-icon fas fa-minus\"><\/i><\/span><span class=\"eael-accordion-tab-title\">\u00bfEl Pacto por los Pl\u00e1sticos de Colombia est\u00e1 vinculado a la Fundaci\u00f3n Ellen MacArthur?<\/span><i aria-hidden=\"true\" class=\"fa-toggle fas fa-angle-right\"><\/i><\/div><div id=\"elementor-tab-content-1658\" class=\"eael-accordion-content clearfix\" data-tab=\"8\" aria-labelledby=\"el-pacto-por-los-plsticos-de-colombia-est-vinculado-a-la-fundacin-ellen-macarthur\"><p>La visi\u00f3n y los objetivos del Pacto en Colombia est\u00e1n alineados con la iniciativa de econom\u00eda circular de los pl\u00e1sticos de la Fundaci\u00f3n de Ellen MacArthur. Este pacto cuenta con el apoyo de WRAP, socio clave de la Fundaci\u00f3n Ellen MacArthur, que tambi\u00e9n brinda soporte operativo y t\u00e9cnico a muchos otros Pactos a nivel mundial.\u00a0 Adem\u00e1s de los diversos Pactos por los Pl\u00e1sticos, cientos de empresas en todo el mundo se han suscrito al Compromiso Global de la Nueva Econom\u00eda de los Pl\u00e1sticos de la Fundaci\u00f3n Ellen MacArthur. La combinaci\u00f3n del impulso global y nacional hacia una econom\u00eda circular de los pl\u00e1sticos es una fuerza poderosa para la acci\u00f3n.<\/p><\/div>\n                <\/div><\/div>\t\t<\/div>\n\t\t\t\t<\/div>\n\t\t\t\t<div class=\"elementor-element elementor-element-f4e0066 elementor-widget elementor-widget-spacer\" data-id=\"f4e0066\" data-element_type=\"widget\" data-widget_type=\"spacer.default\">\n\t\t\t\t<div class=\"elementor-widget-container\">\n\t\t\t\t\t<div class=\"elementor-spacer\">\n\t\t\t<div class=\"elementor-spacer-inner\"><\/div>\n\t\t<\/div>\n\t\t\t\t<\/div>\n\t\t\t\t<\/div>\n\t\t\t\t\t<\/div>\n\t\t<\/div>\n\t\t\t\t\t<\/div>\n\t\t<\/section>\n\t\t\t\t<section class=\"elementor-section elementor-top-section elementor-element elementor-element-ffe6659 elementor-section-boxed elementor-section-height-default elementor-section-height-default\" data-id=\"ffe6659\" data-element_type=\"section\" data-settings=\"{&quot;background_background&quot;:&quot;classic&quot;}\">\n\t\t\t\t\t\t\t<div class=\"elementor-background-overlay\"><\/div>\n\t\t\t\t\t\t\t<div class=\"elementor-container elementor-column-gap-no\">\n\t\t\t\t\t<div class=\"elementor-column elementor-col-16 elementor-top-column elementor-element elementor-element-59148b85\" data-id=\"59148b85\" data-element_type=\"column\">\n\t\t\t<div class=\"elementor-widget-wrap\">\n\t\t\t\t\t\t\t<\/div>\n\t\t<\/div>\n\t\t\t\t<div class=\"elementor-column elementor-col-16 elementor-top-column elementor-element elementor-element-7032e859\" data-id=\"7032e859\" data-element_type=\"column\">\n\t\t\t<div class=\"elementor-widget-wrap elementor-element-populated\">\n\t\t\t\t\t\t<div class=\"elementor-element elementor-element-160aaafe elementor-widget elementor-widget-text-editor\" data-id=\"160aaafe\" data-element_type=\"widget\" data-widget_type=\"text-editor.default\">\n\t\t\t\t<div class=\"elementor-widget-container\">\n\t\t\t<style>\/*! elementor - v3.19.0 - 17-01-2024 *\/\n.elementor-widget-text-editor.elementor-drop-cap-view-stacked .elementor-drop-cap{background-color:#69727d;color:#fff}.elementor-widget-text-editor.elementor-drop-cap-view-framed .elementor-drop-cap{color:#69727d;border:3px solid;background-color:transparent}.elementor-widget-text-editor:not(.elementor-drop-cap-view-default) .elementor-drop-cap{margin-top:8px}.elementor-widget-text-editor:not(.elementor-drop-cap-view-default) .elementor-drop-cap-letter{width:1em;height:1em}.elementor-widget-text-editor .elementor-drop-cap{float:left;text-align:center;line-height:1;font-size:50px}.elementor-widget-text-editor .elementor-drop-cap-letter{display:inline-block}<\/style>\t\t\t\t<h4 style=\"text-align: center;\"><span style=\"color: #ffffff;\">Si desea obtener m\u00e1s informaci\u00f3n y unirse al <br \/><\/span><span style=\"color: #13a538;\"><strong>Pacto por los Pl\u00e1sticos en Colombia<\/strong><\/span><span style=\"color: #ffffff;\">,<br \/>d\u00e9jenos sus datos aqu\u00ed:<\/span><\/h4>\t\t\t\t\t\t<\/div>\n\t\t\t\t<\/div>\n\t\t\t\t<div class=\"elementor-element elementor-element-a49314a elementor-widget__width-inherit elementor-hidden-desktop elementor-hidden-tablet elementor-hidden-mobile elementor-widget elementor-widget-eael-creative-button\" data-id=\"a49314a\" data-element_type=\"widget\" data-widget_type=\"eael-creative-button.default\">\n\t\t\t\t<div class=\"elementor-widget-container\">\n\t\t\t        <div class=\"eael-creative-button-wrapper\">\n\n            <a class=\"eael-creative-button eael-creative-button--rayen\" href=\"https:\/\/cempre.org.co\/pacto-plasticos\/como-unirse\/\" target=\"_blank\" data-text=\"Formulario\">\n\n\t    \n                <div class=\"creative-button-inner\">\n\n                    \n                    <span class=\"cretive-button-text\">\u00a1Cont\u00e1ctenos!<\/span>\n\n                                    <\/div>\n\t                        <\/a>\n        <\/div>\n\t\t<\/div>\n\t\t\t\t<\/div>\n\t\t\t\t<div class=\"elementor-element elementor-element-873c829 elementor-widget__width-inherit elementor-widget elementor-widget-eael-creative-button\" data-id=\"873c829\" data-element_type=\"widget\" data-widget_type=\"eael-creative-button.default\">\n\t\t\t\t<div class=\"elementor-widget-container\">\n\t\t\t        <div class=\"eael-creative-button-wrapper\">\n\n            <a class=\"eael-creative-button eael-creative-button--rayen\" href=\"https:\/\/forms.office.com\/Pages\/ResponsePage.aspx?id=fUYjBWuR2k6mpRBsjWooSvUCEEFoQ0xFki0md1AoHv9URFNFVE1XRVdSUldJT1k3S09RNThQOE9FNiQlQCN0PWcu&#038;embed=true\" target=\"_blank\" data-text=\"Formulario\">\n\n\t    \n                <div class=\"creative-button-inner\">\n\n                    \n                    <span class=\"cretive-button-text\">\u00a1Cont\u00e1ctenos!<\/span>\n\n                                    <\/div>\n\t                        <\/a>\n        <\/div>\n\t\t<\/div>\n\t\t\t\t<\/div>\n\t\t\t\t<div class=\"elementor-element elementor-element-bff4504 elementor-hidden-desktop elementor-hidden-tablet elementor-hidden-mobile elementor-button-align-stretch elementor-widget elementor-widget-form\" data-id=\"bff4504\" data-element_type=\"widget\" data-settings=\"{&quot;step_next_label&quot;:&quot;Next&quot;,&quot;step_previous_label&quot;:&quot;Previous&quot;,&quot;button_width&quot;:&quot;100&quot;,&quot;step_type&quot;:&quot;number_text&quot;,&quot;step_icon_shape&quot;:&quot;circle&quot;}\" data-widget_type=\"form.default\">\n\t\t\t\t<div class=\"elementor-widget-container\">\n\t\t\t<style>\/*! elementor-pro - v3.7.4 - 29-08-2022 *\/\n.elementor-button.elementor-hidden,.elementor-hidden{display:none}.e-form__step{width:100%}.e-form__step:not(.elementor-hidden){display:-webkit-box;display:-ms-flexbox;display:flex;-ms-flex-wrap:wrap;flex-wrap:wrap}.e-form__buttons{-ms-flex-wrap:wrap;flex-wrap:wrap}.e-form__buttons,.e-form__buttons__wrapper{display:-webkit-box;display:-ms-flexbox;display:flex}.e-form__indicators{-webkit-box-pack:justify;-ms-flex-pack:justify;justify-content:space-between;-ms-flex-wrap:nowrap;flex-wrap:nowrap;font-size:13px;margin-bottom:var(--e-form-steps-indicators-spacing)}.e-form__indicators,.e-form__indicators__indicator{display:-webkit-box;display:-ms-flexbox;display:flex;-webkit-box-align:center;-ms-flex-align:center;align-items:center}.e-form__indicators__indicator{-webkit-box-orient:vertical;-webkit-box-direction:normal;-ms-flex-direction:column;flex-direction:column;-webkit-box-pack:center;-ms-flex-pack:center;justify-content:center;-ms-flex-preferred-size:0;flex-basis:0;padding:0 var(--e-form-steps-divider-gap)}.e-form__indicators__indicator__progress{width:100%;position:relative;background-color:var(--e-form-steps-indicator-progress-background-color);border-radius:var(--e-form-steps-indicator-progress-border-radius);overflow:hidden}.e-form__indicators__indicator__progress__meter{width:var(--e-form-steps-indicator-progress-meter-width,0);height:var(--e-form-steps-indicator-progress-height);line-height:var(--e-form-steps-indicator-progress-height);padding-right:15px;border-radius:var(--e-form-steps-indicator-progress-border-radius);background-color:var(--e-form-steps-indicator-progress-color);color:var(--e-form-steps-indicator-progress-meter-color);text-align:right;-webkit-transition:width .1s linear;-o-transition:width .1s linear;transition:width .1s linear}.e-form__indicators__indicator:first-child{padding-left:0}.e-form__indicators__indicator:last-child{padding-right:0}.e-form__indicators__indicator--state-inactive{color:var(--e-form-steps-indicator-inactive-primary-color,#c2cbd2)}.e-form__indicators__indicator--state-inactive [class*=indicator--shape-]:not(.e-form__indicators__indicator--shape-none){background-color:var(--e-form-steps-indicator-inactive-secondary-color,#fff)}.e-form__indicators__indicator--state-inactive object,.e-form__indicators__indicator--state-inactive svg{fill:var(--e-form-steps-indicator-inactive-primary-color,#c2cbd2)}.e-form__indicators__indicator--state-active{color:var(--e-form-steps-indicator-active-primary-color,#39b54a);border-color:var(--e-form-steps-indicator-active-secondary-color,#fff)}.e-form__indicators__indicator--state-active [class*=indicator--shape-]:not(.e-form__indicators__indicator--shape-none){background-color:var(--e-form-steps-indicator-active-secondary-color,#fff)}.e-form__indicators__indicator--state-active object,.e-form__indicators__indicator--state-active svg{fill:var(--e-form-steps-indicator-active-primary-color,#39b54a)}.e-form__indicators__indicator--state-completed{color:var(--e-form-steps-indicator-completed-secondary-color,#fff)}.e-form__indicators__indicator--state-completed [class*=indicator--shape-]:not(.e-form__indicators__indicator--shape-none){background-color:var(--e-form-steps-indicator-completed-primary-color,#39b54a)}.e-form__indicators__indicator--state-completed .e-form__indicators__indicator__label{color:var(--e-form-steps-indicator-completed-primary-color,#39b54a)}.e-form__indicators__indicator--state-completed .e-form__indicators__indicator--shape-none{color:var(--e-form-steps-indicator-completed-primary-color,#39b54a);background-color:initial}.e-form__indicators__indicator--state-completed object,.e-form__indicators__indicator--state-completed svg{fill:var(--e-form-steps-indicator-completed-secondary-color,#fff)}.e-form__indicators__indicator__icon{width:var(--e-form-steps-indicator-padding,30px);height:var(--e-form-steps-indicator-padding,30px);font-size:var(--e-form-steps-indicator-icon-size);border-width:1px;border-style:solid;display:-webkit-box;display:-ms-flexbox;display:flex;-webkit-box-pack:center;-ms-flex-pack:center;justify-content:center;-webkit-box-align:center;-ms-flex-align:center;align-items:center;overflow:hidden;margin-bottom:10px}.e-form__indicators__indicator__icon img,.e-form__indicators__indicator__icon object,.e-form__indicators__indicator__icon svg{width:var(--e-form-steps-indicator-icon-size);height:auto}.e-form__indicators__indicator__icon .e-font-icon-svg{height:1em}.e-form__indicators__indicator__number{width:var(--e-form-steps-indicator-padding,30px);height:var(--e-form-steps-indicator-padding,30px);border-width:1px;border-style:solid;display:-webkit-box;display:-ms-flexbox;display:flex;-webkit-box-pack:center;-ms-flex-pack:center;justify-content:center;-webkit-box-align:center;-ms-flex-align:center;align-items:center;margin-bottom:10px}.e-form__indicators__indicator--shape-circle{border-radius:50%}.e-form__indicators__indicator--shape-square{border-radius:0}.e-form__indicators__indicator--shape-rounded{border-radius:5px}.e-form__indicators__indicator--shape-none{border:0}.e-form__indicators__indicator__label{text-align:center}.e-form__indicators__indicator__separator{width:100%;height:var(--e-form-steps-divider-width);background-color:#c2cbd2}.e-form__indicators--type-icon,.e-form__indicators--type-icon_text,.e-form__indicators--type-number,.e-form__indicators--type-number_text{-webkit-box-align:start;-ms-flex-align:start;align-items:flex-start}.e-form__indicators--type-icon .e-form__indicators__indicator__separator,.e-form__indicators--type-icon_text .e-form__indicators__indicator__separator,.e-form__indicators--type-number .e-form__indicators__indicator__separator,.e-form__indicators--type-number_text .e-form__indicators__indicator__separator{margin-top:calc(var(--e-form-steps-indicator-padding, 30px) \/ 2 - var(--e-form-steps-divider-width, 1px) \/ 2)}.elementor-field-type-hidden{display:none}.elementor-field-type-html{display:inline-block}.elementor-login .elementor-lost-password,.elementor-login .elementor-remember-me{font-size:.85em}.elementor-field-type-recaptcha_v3 .elementor-field-label{display:none}.elementor-field-type-recaptcha_v3 .grecaptcha-badge{z-index:1}.elementor-button .elementor-form-spinner{-webkit-box-ordinal-group:4;-ms-flex-order:3;order:3}.elementor-form .elementor-button>span{display:-webkit-box;display:-ms-flexbox;display:flex;-webkit-box-pack:center;-ms-flex-pack:center;justify-content:center;-webkit-box-align:center;-ms-flex-align:center;align-items:center}.elementor-form .elementor-button .elementor-button-text{white-space:normal;-webkit-box-flex:0;-ms-flex-positive:0;flex-grow:0}.elementor-form .elementor-button svg{height:auto}.elementor-form .elementor-button .e-font-icon-svg{height:1em}.elementor-select-wrapper .select-caret-down-wrapper{position:absolute;top:50%;-webkit-transform:translateY(-50%);-ms-transform:translateY(-50%);transform:translateY(-50%);inset-inline-end:10px;pointer-events:none;font-size:11px}.elementor-select-wrapper .select-caret-down-wrapper svg{display:unset;width:1em;aspect-ratio:unset;fill:currentColor}.elementor-select-wrapper .select-caret-down-wrapper i{font-size:19px;line-height:2}.elementor-select-wrapper.remove-before:before{content:\"\"!important}<\/style>\t\t<form class=\"elementor-form\" method=\"post\" name=\"Contacto\">\n\t\t\t<input type=\"hidden\" name=\"post_id\" value=\"33\"\/>\n\t\t\t<input type=\"hidden\" name=\"form_id\" value=\"bff4504\"\/>\n\t\t\t<input type=\"hidden\" name=\"referer_title\" value=\"\" \/>\n\n\t\t\t\n\t\t\t<div class=\"elementor-form-fields-wrapper elementor-labels-above\">\n\t\t\t\t\t\t\t\t<div class=\"elementor-field-type-text elementor-field-group elementor-column elementor-field-group-name elementor-col-100\">\n\t\t\t\t\t\t\t\t\t\t\t\t\t<input size=\"1\" type=\"text\" name=\"form_fields[name]\" id=\"form-field-name\" class=\"elementor-field elementor-size-sm  elementor-field-textual\" placeholder=\"Nombre\">\n\t\t\t\t\t\t\t\t\t\t\t<\/div>\n\t\t\t\t\t\t\t\t<div class=\"elementor-field-type-text elementor-field-group elementor-column elementor-field-group-field_484bd1a elementor-col-100\">\n\t\t\t\t\t\t\t\t\t\t\t\t\t<input size=\"1\" type=\"text\" name=\"form_fields[field_484bd1a]\" id=\"form-field-field_484bd1a\" class=\"elementor-field elementor-size-sm  elementor-field-textual\" placeholder=\"Cargo\">\n\t\t\t\t\t\t\t\t\t\t\t<\/div>\n\t\t\t\t\t\t\t\t<div class=\"elementor-field-type-text elementor-field-group elementor-column elementor-field-group-field_e2df514 elementor-col-100\">\n\t\t\t\t\t\t\t\t\t\t\t\t\t<input size=\"1\" type=\"text\" name=\"form_fields[field_e2df514]\" id=\"form-field-field_e2df514\" class=\"elementor-field elementor-size-sm  elementor-field-textual\" placeholder=\"Empresa u organizaci\u00f3n que representa\">\n\t\t\t\t\t\t\t\t\t\t\t<\/div>\n\t\t\t\t\t\t\t\t<div class=\"elementor-field-type-select elementor-field-group elementor-column elementor-field-group-field_84ef125 elementor-col-100 elementor-field-required elementor-mark-required\">\n\t\t\t\t\t\t\t<div class=\"elementor-field elementor-select-wrapper remove-before \">\n\t\t\t<div class=\"select-caret-down-wrapper\">\n\t\t\t\t<i aria-hidden=\"true\" class=\"eicon-caret-down\"><\/i>\t\t\t<\/div>\n\t\t\t<select name=\"form_fields[field_84ef125]\" id=\"form-field-field_84ef125\" class=\"elementor-field-textual elementor-size-sm\" required=\"required\" aria-required=\"true\">\n\t\t\t\t\t\t\t\t\t<option value=\"Quiero unirme como empresa\">Quiero unirme como empresa<\/option>\n\t\t\t\t\t\t\t\t\t<option value=\"Quiero ser aliado\">Quiero ser aliado<\/option>\n\t\t\t\t\t\t\t\t\t<option value=\"Soy periodista y deseo comunicarme con un vocero\">Soy periodista y deseo comunicarme con un vocero<\/option>\n\t\t\t\t\t\t\t\t\t<option value=\"Otra informaci\u00f3n\">Otra informaci\u00f3n<\/option>\n\t\t\t\t\t\t\t\t\t<option value=\"\"><\/option>\n\t\t\t\t\t\t\t<\/select>\n\t\t<\/div>\n\t\t\t\t\t\t<\/div>\n\t\t\t\t\t\t\t\t<div class=\"elementor-field-type-email elementor-field-group elementor-column elementor-field-group-email elementor-col-100 elementor-field-required elementor-mark-required\">\n\t\t\t\t\t\t\t\t\t\t\t\t\t<input size=\"1\" type=\"email\" name=\"form_fields[email]\" id=\"form-field-email\" class=\"elementor-field elementor-size-sm  elementor-field-textual\" placeholder=\"Email\" required=\"required\" aria-required=\"true\">\n\t\t\t\t\t\t\t\t\t\t\t<\/div>\n\t\t\t\t\t\t\t\t<div class=\"elementor-field-type-textarea elementor-field-group elementor-column elementor-field-group-message elementor-col-100\">\n\t\t\t\t\t<textarea class=\"elementor-field-textual elementor-field  elementor-size-sm\" name=\"form_fields[message]\" id=\"form-field-message\" rows=\"4\" placeholder=\"M\u00e1s informaci\u00f3n (opcional)\"><\/textarea>\t\t\t\t<\/div>\n\t\t\t\t\t\t\t\t<div class=\"elementor-field-type-checkbox elementor-field-group elementor-column elementor-field-group-field_af1d0b5 elementor-col-100\">\n\t\t\t\t\t<div class=\"elementor-field-subgroup  \"><span class=\"elementor-field-option\"><input type=\"checkbox\" value=\"&lt;span style=&quot;color: #ffffff&quot;&gt;Acepto la &lt;\/span&gt;&lt;span&gt;&lt;a style=&quot;color: #13a538&quot; href=&quot;https:\/\/cempre.org.co\/wp-content\/uploads\/2022\/11\/GC-C-DO-02-Autorizacion-Tratamiento-De-Datos-1.pdf&quot; target=&quot;_blank&quot;&gt;Pol\u00edtica de Tratamiento de Datos de Cempre&lt;\/a&gt;&lt;\/strong&gt;&lt;\/span&gt;.&lt;\/p&gt;\" id=\"form-field-field_af1d0b5-0\" name=\"form_fields[field_af1d0b5]\"> <label for=\"form-field-field_af1d0b5-0\"><span style=\"color: #ffffff\">Acepto la <\/span><span><a style=\"color: #13a538\" href=\"https:\/\/cempre.org.co\/wp-content\/uploads\/2022\/11\/GC-C-DO-02-Autorizacion-Tratamiento-De-Datos-1.pdf\" target=\"_blank\">Pol\u00edtica de Tratamiento de Datos de Cempre<\/a><\/strong><\/span>.<\/p><\/label><\/span><\/div>\t\t\t\t<\/div>\n\t\t\t\t\t\t\t\t<div class=\"elementor-field-group elementor-column elementor-field-type-submit elementor-col-100 e-form__buttons\">\n\t\t\t\t\t<button type=\"submit\" class=\"elementor-button elementor-size-sm\">\n\t\t\t\t\t\t<span >\n\t\t\t\t\t\t\t\t\t\t\t\t\t\t\t<span class=\" elementor-button-icon\">\n\t\t\t\t\t\t\t\t\t\t\t\t\t\t\t\t\t\t\t\t\t\t\t\t\t\t<\/span>\n\t\t\t\t\t\t\t\t\t\t\t\t\t\t\t\t\t\t\t\t\t\t<span class=\"elementor-button-text\">Enviar<\/span>\n\t\t\t\t\t\t\t\t\t\t\t\t\t<\/span>\n\t\t\t\t\t<\/button>\n\t\t\t\t<\/div>\n\t\t\t<\/div>\n\t\t<\/form>\n\t\t\t\t<\/div>\n\t\t\t\t<\/div>\n\t\t\t\t\t<\/div>\n\t\t<\/div>\n\t\t\t\t<div class=\"elementor-column elementor-col-66 elementor-top-column elementor-element elementor-element-460460c7\" data-id=\"460460c7\" data-element_type=\"column\">\n\t\t\t<div class=\"elementor-widget-wrap\">\n\t\t\t\t\t\t\t<\/div>\n\t\t<\/div>\n\t\t\t\t\t<\/div>\n\t\t<\/section>\n\t\t\t\t<\/div>\n\t\t","protected":false},"excerpt":{"rendered":"<p>Contacto y preguntas frecuentes Preguntas frecuentes \u00bfQui\u00e9nes pueden ser parte del Pacto por las Pl\u00e1sticos de Colombia? Las personas jur\u00eddicas, con representaci\u00f3n legal en Colombia, pueden adherirse al Pacto en [&hellip;]<\/p>\n","protected":false},"author":7,"featured_media":0,"parent":0,"menu_order":0,"comment_status":"closed","ping_status":"closed","template":"","meta":{"footnotes":""},"class_list":["post-33","page","type-page","status-publish","hentry"],"_links":{"self":[{"href":"https:\/\/cempre.org.co\/pacto-plasticos\/wp-json\/wp\/v2\/pages\/33","targetHints":{"allow":["GET"]}}],"collection":[{"href":"https:\/\/cempre.org.co\/pacto-plasticos\/wp-json\/wp\/v2\/pages"}],"about":[{"href":"https:\/\/cempre.org.co\/pacto-plasticos\/wp-json\/wp\/v2\/types\/page"}],"author":[{"embeddable":true,"href":"https:\/\/cempre.org.co\/pacto-plasticos\/wp-json\/wp\/v2\/users\/7"}],"replies":[{"embeddable":true,"href":"https:\/\/cempre.org.co\/pacto-plasticos\/wp-json\/wp\/v2\/comments?post=33"}],"version-history":[{"count":39,"href":"https:\/\/cempre.org.co\/pacto-plasticos\/wp-json\/wp\/v2\/pages\/33\/revisions"}],"predecessor-version":[{"id":3208,"href":"https:\/\/cempre.org.co\/pacto-plasticos\/wp-json\/wp\/v2\/pages\/33\/revisions\/3208"}],"wp:attachment":[{"href":"https:\/\/cempre.org.co\/pacto-plasticos\/wp-json\/wp\/v2\/media?parent=33"}],"curies":[{"name":"wp","href":"https:\/\/api.w.org\/{rel}","templated":true}]}}